{"id":45,"date":"2024-04-11T15:55:50","date_gmt":"2024-04-11T13:55:50","guid":{"rendered":"https:\/\/sonsdurhone.fr\/?page_id=45"},"modified":"2024-05-13T14:15:29","modified_gmt":"2024-05-13T12:15:29","slug":"les-ecoles","status":"publish","type":"page","link":"https:\/\/sonsdurhone.fr\/index.php\/les-ecoles\/","title":{"rendered":"La pr\u00e9paration"},"content":{"rendered":"\t\t<div data-elementor-type=\"wp-page\" data-elementor-id=\"45\" class=\"elementor elementor-45\">\n\t\t\t\t<div class=\"elementor-element elementor-element-587f7a9 e-flex e-con-boxed e-con e-parent\" data-id=\"587f7a9\" data-element_type=\"container\" data-e-type=\"container\">\n\t\t\t\t\t<div class=\"e-con-inner\">\n\t\t\t\t<div class=\"elementor-element elementor-element-c9861a3 elementor-widget elementor-widget-text-editor\" data-id=\"c9861a3\" data-element_type=\"widget\" data-e-type=\"widget\" data-widget_type=\"text-editor.default\">\n\t\t\t\t<div class=\"elementor-widget-container\">\n\t\t\t\t\t\t\t\t\t<h1>Une s\u00e9ance pour s&#8217;initier au journalisme\u00a0<\/h1>\t\t\t\t\t\t\t\t<\/div>\n\t\t\t\t<\/div>\n\t\t\t\t\t<\/div>\n\t\t\t\t<\/div>\n\t\t<div class=\"elementor-element elementor-element-b9f0438 e-flex e-con-boxed e-con e-parent\" data-id=\"b9f0438\" data-element_type=\"container\" data-e-type=\"container\">\n\t\t\t\t\t<div class=\"e-con-inner\">\n\t\t\t\t<div class=\"elementor-element elementor-element-0f53306 elementor-widget elementor-widget-text-editor\" data-id=\"0f53306\" data-element_type=\"widget\" data-e-type=\"widget\" data-widget_type=\"text-editor.default\">\n\t\t\t\t<div class=\"elementor-widget-container\">\n\t\t\t\t\t\t\t\t\t<h4>En une demie journ\u00e9e, \u00a0chaque classe se pr\u00e9pare \u00e0 la pratique journalistique. Les \u00e9quipes de Radio M\u00e9ga et les instituteurs et institutrices constituent des groupes pour lancer le travail qui sera d\u00e9velopp\u00e9 en classe et exp\u00e9riment\u00e9 sur le terrain le jour du reportage \u00a0!\u00a0<\/h4>\t\t\t\t\t\t\t\t<\/div>\n\t\t\t\t<\/div>\n\t\t\t\t\t<\/div>\n\t\t\t\t<\/div>\n\t\t<div class=\"elementor-element elementor-element-f193d28 e-flex e-con-boxed e-con e-parent\" data-id=\"f193d28\" data-element_type=\"container\" data-e-type=\"container\">\n\t\t\t\t\t<div class=\"e-con-inner\">\n\t\t<div class=\"elementor-element elementor-element-c5a1fb3 e-con-full e-flex e-con e-child\" data-id=\"c5a1fb3\" data-element_type=\"container\" data-e-type=\"container\">\n\t\t\t\t<div class=\"elementor-element elementor-element-82d73dc elementor-widget elementor-widget-image\" data-id=\"82d73dc\" data-element_type=\"widget\" data-e-type=\"widget\" data-widget_type=\"image.default\">\n\t\t\t\t<div class=\"elementor-widget-container\">\n\t\t\t\t\t\t\t\t\t\t\t\t\t\t\t<img fetchpriority=\"high\" decoding=\"async\" width=\"225\" height=\"300\" src=\"https:\/\/sonsdurhone.fr\/wp-content\/uploads\/2024\/05\/IMG_7081-225x300.jpg\" class=\"attachment-medium size-medium wp-image-372\" alt=\"\" srcset=\"https:\/\/sonsdurhone.fr\/wp-content\/uploads\/2024\/05\/IMG_7081-225x300.jpg 225w, https:\/\/sonsdurhone.fr\/wp-content\/uploads\/2024\/05\/IMG_7081-rotated.jpg 480w\" sizes=\"(max-width: 225px) 100vw, 225px\" \/>\t\t\t\t\t\t\t\t\t\t\t\t\t\t\t<\/div>\n\t\t\t\t<\/div>\n\t\t\t\t<\/div>\n\t\t<div class=\"elementor-element elementor-element-958ff9f e-con-full e-flex e-con e-child\" data-id=\"958ff9f\" data-element_type=\"container\" data-e-type=\"container\">\n\t\t\t\t<div class=\"elementor-element elementor-element-3b46175 elementor-drop-cap-yes elementor-drop-cap-view-default elementor-widget elementor-widget-text-editor\" data-id=\"3b46175\" data-element_type=\"widget\" data-e-type=\"widget\" data-settings=\"{&quot;drop_cap&quot;:&quot;yes&quot;}\" data-widget_type=\"text-editor.default\">\n\t\t\t\t<div class=\"elementor-widget-container\">\n\t\t\t\t\t\t\t\t\t<h4>Qu&#8217;est-ce que la radio ?\u00a0<\/h4>\t\t\t\t\t\t\t\t<\/div>\n\t\t\t\t<\/div>\n\t\t\t\t<div class=\"elementor-element elementor-element-a8a3616 elementor-widget elementor-widget-text-editor\" data-id=\"a8a3616\" data-element_type=\"widget\" data-e-type=\"widget\" data-widget_type=\"text-editor.default\">\n\t\t\t\t<div class=\"elementor-widget-container\">\n\t\t\t\t\t\t\t\t\t<p>Lors de cette s\u00e9ance les \u00e9l\u00e8ves d\u00e9couvrent le m\u00e9dia radiophonique : <strong>les types de radios<\/strong> qui existent en France, <strong>comment parler dans un micro<\/strong>, <strong>s&#8217;adresser \u00e0 un ou une invit\u00e9e et maitriser sa prise de parole<\/strong>.<\/p><p>Un premier exercice entre animateur et invit\u00e9 leur offre un <strong>bapt\u00eame radiophonique<\/strong> avant de se r\u00e9partir les r\u00f4les entre <strong>animateurs, animatrices, chroniqueurs, journalistes<\/strong> pour pr\u00e9parer ensemble un conducteur de l&#8217;\u00e9mission.<\/p>\t\t\t\t\t\t\t\t<\/div>\n\t\t\t\t<\/div>\n\t\t\t\t<\/div>\n\t\t\t\t\t<\/div>\n\t\t\t\t<\/div>\n\t\t<div class=\"elementor-element elementor-element-32f718e e-flex e-con-boxed e-con e-parent\" data-id=\"32f718e\" data-element_type=\"container\" data-e-type=\"container\">\n\t\t\t\t\t<div class=\"e-con-inner\">\n\t\t\t\t<div class=\"elementor-element elementor-element-ef171bb elementor-widget-divider--separator-type-pattern elementor-widget-divider--view-line elementor-widget elementor-widget-divider\" data-id=\"ef171bb\" data-element_type=\"widget\" data-e-type=\"widget\" data-widget_type=\"divider.default\">\n\t\t\t\t<div class=\"elementor-widget-container\">\n\t\t\t\t\t\t\t<div class=\"elementor-divider\" style=\"--divider-pattern-url: url(&quot;data:image\/svg+xml,%3Csvg xmlns=&#039;http:\/\/www.w3.org\/2000\/svg&#039; preserveAspectRatio=&#039;none&#039; overflow=&#039;visible&#039; height=&#039;100%&#039; viewBox=&#039;0 0 24 24&#039; fill=&#039;none&#039; stroke=&#039;black&#039; stroke-width=&#039;9.7&#039; stroke-linecap=&#039;square&#039; stroke-miterlimit=&#039;10&#039;%3E%3Cpath d=&#039;M0,6c6,0,0.9,11.1,6.9,11.1S18,6,24,6&#039;\/%3E%3C\/svg%3E&quot;);\">\n\t\t\t<span class=\"elementor-divider-separator\">\n\t\t\t\t\t\t<\/span>\n\t\t<\/div>\n\t\t\t\t\t\t<\/div>\n\t\t\t\t<\/div>\n\t\t\t\t\t<\/div>\n\t\t\t\t<\/div>\n\t\t<div class=\"elementor-element elementor-element-547cf01 e-flex e-con-boxed e-con e-parent\" data-id=\"547cf01\" data-element_type=\"container\" data-e-type=\"container\">\n\t\t\t\t\t<div class=\"e-con-inner\">\n\t\t<div class=\"elementor-element elementor-element-01d2aa3 e-con-full e-flex e-con e-child\" data-id=\"01d2aa3\" data-element_type=\"container\" data-e-type=\"container\">\n\t\t\t\t<div class=\"elementor-element elementor-element-3d0bff6 elementor-widget elementor-widget-text-editor\" data-id=\"3d0bff6\" data-element_type=\"widget\" data-e-type=\"widget\" data-widget_type=\"text-editor.default\">\n\t\t\t\t<div class=\"elementor-widget-container\">\n\t\t\t\t\t\t\t\t\t<h4>C&#8217;est quoi un article de presse ?<\/h4>\t\t\t\t\t\t\t\t<\/div>\n\t\t\t\t<\/div>\n\t\t\t\t<div class=\"elementor-element elementor-element-53f9658 elementor-widget elementor-widget-text-editor\" data-id=\"53f9658\" data-element_type=\"widget\" data-e-type=\"widget\" data-widget_type=\"text-editor.default\">\n\t\t\t\t<div class=\"elementor-widget-container\">\n\t\t\t\t\t\t\t\t\t<p>Les \u00e9l\u00e8ves d\u00e9couvrent ensemble<strong> le site que nous allons cr\u00e9er pour l&#8217;occasion<\/strong> du projet : SonsduRh\u00f4ne.fr qui est <strong>un site plurim\u00e9dia avec de la vid\u00e9o, des photos et du texte<\/strong> pour couvrir cette aventure journalistique. Nous d\u00e9couvrons ensemble le r\u00f4le du texte sur un tel m\u00e9dia : <strong>le titre, l&#8217;accroche, la br\u00e8ve<\/strong>, et toutes les techniques d&#8217;\u00e9criture qui nous aideront \u00e0 <strong>pr\u00e9senter nos invit\u00e9s et informer sur le Rh\u00f4ne<\/strong>.<\/p>\t\t\t\t\t\t\t\t<\/div>\n\t\t\t\t<\/div>\n\t\t\t\t<\/div>\n\t\t<div class=\"elementor-element elementor-element-e644156 e-con-full e-flex e-con e-child\" data-id=\"e644156\" data-element_type=\"container\" data-e-type=\"container\">\n\t\t\t\t<div class=\"elementor-element elementor-element-495d7e7 elementor-widget elementor-widget-image\" data-id=\"495d7e7\" data-element_type=\"widget\" data-e-type=\"widget\" data-widget_type=\"image.default\">\n\t\t\t\t<div class=\"elementor-widget-container\">\n\t\t\t\t\t\t\t\t\t\t\t\t\t\t\t<img decoding=\"async\" width=\"274\" height=\"300\" src=\"https:\/\/sonsdurhone.fr\/wp-content\/uploads\/2024\/05\/atelier-274x300.png\" class=\"attachment-medium size-medium wp-image-381\" alt=\"\" srcset=\"https:\/\/sonsdurhone.fr\/wp-content\/uploads\/2024\/05\/atelier-274x300.png 274w, https:\/\/sonsdurhone.fr\/wp-content\/uploads\/2024\/05\/atelier-936x1024.png 936w, https:\/\/sonsdurhone.fr\/wp-content\/uploads\/2024\/05\/atelier-768x841.png 768w, https:\/\/sonsdurhone.fr\/wp-content\/uploads\/2024\/05\/atelier-1403x1536.png 1403w, https:\/\/sonsdurhone.fr\/wp-content\/uploads\/2024\/05\/atelier-1871x2048.png 1871w\" sizes=\"(max-width: 274px) 100vw, 274px\" \/>\t\t\t\t\t\t\t\t\t\t\t\t\t\t\t<\/div>\n\t\t\t\t<\/div>\n\t\t\t\t<\/div>\n\t\t\t\t\t<\/div>\n\t\t\t\t<\/div>\n\t\t<div class=\"elementor-element elementor-element-fa3ea77 e-flex e-con-boxed e-con e-parent\" data-id=\"fa3ea77\" data-element_type=\"container\" data-e-type=\"container\">\n\t\t\t\t\t<div class=\"e-con-inner\">\n\t\t<div class=\"elementor-element elementor-element-37deaaf e-con-full e-flex e-con e-child\" data-id=\"37deaaf\" data-element_type=\"container\" data-e-type=\"container\">\n\t\t\t\t<div class=\"elementor-element elementor-element-2a4cc68 elementor-widget elementor-widget-image\" data-id=\"2a4cc68\" data-element_type=\"widget\" data-e-type=\"widget\" data-widget_type=\"image.default\">\n\t\t\t\t<div class=\"elementor-widget-container\">\n\t\t\t\t\t\t\t\t\t\t\t\t\t\t\t<img decoding=\"async\" width=\"768\" height=\"708\" src=\"https:\/\/sonsdurhone.fr\/wp-content\/uploads\/2024\/05\/photo-atelier-768x708.png\" class=\"attachment-medium_large size-medium_large wp-image-383\" alt=\"\" srcset=\"https:\/\/sonsdurhone.fr\/wp-content\/uploads\/2024\/05\/photo-atelier-768x708.png 768w, https:\/\/sonsdurhone.fr\/wp-content\/uploads\/2024\/05\/photo-atelier-300x276.png 300w, https:\/\/sonsdurhone.fr\/wp-content\/uploads\/2024\/05\/photo-atelier-1024x944.png 1024w, https:\/\/sonsdurhone.fr\/wp-content\/uploads\/2024\/05\/photo-atelier-1536x1416.png 1536w, https:\/\/sonsdurhone.fr\/wp-content\/uploads\/2024\/05\/photo-atelier-2048x1887.png 2048w\" sizes=\"(max-width: 768px) 100vw, 768px\" \/>\t\t\t\t\t\t\t\t\t\t\t\t\t\t\t<\/div>\n\t\t\t\t<\/div>\n\t\t\t\t<\/div>\n\t\t<div class=\"elementor-element elementor-element-ba1d8cf e-con-full e-flex e-con e-child\" data-id=\"ba1d8cf\" data-element_type=\"container\" data-e-type=\"container\">\n\t\t\t\t<div class=\"elementor-element elementor-element-33ae9d1 elementor-widget elementor-widget-text-editor\" data-id=\"33ae9d1\" data-element_type=\"widget\" data-e-type=\"widget\" data-widget_type=\"text-editor.default\">\n\t\t\t\t<div class=\"elementor-widget-container\">\n\t\t\t\t\t\t\t\t\t<h2>Comment faire un reportage photo ?<\/h2>\t\t\t\t\t\t\t\t<\/div>\n\t\t\t\t<\/div>\n\t\t\t\t<div class=\"elementor-element elementor-element-5eec689 elementor-widget elementor-widget-text-editor\" data-id=\"5eec689\" data-element_type=\"widget\" data-e-type=\"widget\" data-widget_type=\"text-editor.default\">\n\t\t\t\t<div class=\"elementor-widget-container\">\n\t\t\t\t\t\t\t\t\t<p>Ensuite nous abordons avec un autre groupe d&#8217;\u00e9l\u00e8ves <strong>les enjeux du reportage photo<\/strong>. Qu&#8217;est-ce que prendre une photo ? <strong>En quoi une photo est une information ?<\/strong> Qu&#8217;allons nous prendre en photo pour notre reportage ? \u00a0<strong>Quelles techniques photos pourront nous utiliser afin de r\u00e9ussir notre reportage ?<\/strong>\u00a0<\/p><p>\u00a0<\/p>\t\t\t\t\t\t\t\t<\/div>\n\t\t\t\t<\/div>\n\t\t\t\t<\/div>\n\t\t\t\t\t<\/div>\n\t\t\t\t<\/div>\n\t\t<div class=\"elementor-element elementor-element-2f89152 e-flex e-con-boxed e-con e-parent\" data-id=\"2f89152\" data-element_type=\"container\" data-e-type=\"container\">\n\t\t\t\t\t<div class=\"e-con-inner\">\n\t\t\t\t<div class=\"elementor-element elementor-element-b3b30af elementor-widget-divider--view-line elementor-widget elementor-widget-divider\" data-id=\"b3b30af\" data-element_type=\"widget\" data-e-type=\"widget\" data-widget_type=\"divider.default\">\n\t\t\t\t<div class=\"elementor-widget-container\">\n\t\t\t\t\t\t\t<div class=\"elementor-divider\">\n\t\t\t<span class=\"elementor-divider-separator\">\n\t\t\t\t\t\t<\/span>\n\t\t<\/div>\n\t\t\t\t\t\t<\/div>\n\t\t\t\t<\/div>\n\t\t\t\t\t<\/div>\n\t\t\t\t<\/div>\n\t\t\t\t<\/div>\n\t\t","protected":false},"excerpt":{"rendered":"<p>Une s\u00e9ance pour s&#8217;initier au journalisme\u00a0 En une demie journ\u00e9e, \u00a0chaque classe se pr\u00e9pare \u00e0 la pratique journalistique. Les \u00e9quipes de Radio M\u00e9ga et les instituteurs et institutrices constituent des groupes pour lancer le travail qui sera d\u00e9velopp\u00e9 en classe et exp\u00e9riment\u00e9 sur le terrain le jour du reportage \u00a0!\u00a0 Qu&#8217;est-ce que la radio ?\u00a0 [&hellip;]<\/p>\n","protected":false},"author":1,"featured_media":0,"parent":0,"menu_order":0,"comment_status":"closed","ping_status":"closed","template":"elementor_header_footer","meta":{"footnotes":""},"class_list":["post-45","page","type-page","status-publish","hentry"],"_links":{"self":[{"href":"https:\/\/sonsdurhone.fr\/index.php\/wp-json\/wp\/v2\/pages\/45","targetHints":{"allow":["GET"]}}],"collection":[{"href":"https:\/\/sonsdurhone.fr\/index.php\/wp-json\/wp\/v2\/pages"}],"about":[{"href":"https:\/\/sonsdurhone.fr\/index.php\/wp-json\/wp\/v2\/types\/page"}],"author":[{"embeddable":true,"href":"https:\/\/sonsdurhone.fr\/index.php\/wp-json\/wp\/v2\/users\/1"}],"replies":[{"embeddable":true,"href":"https:\/\/sonsdurhone.fr\/index.php\/wp-json\/wp\/v2\/comments?post=45"}],"version-history":[{"count":38,"href":"https:\/\/sonsdurhone.fr\/index.php\/wp-json\/wp\/v2\/pages\/45\/revisions"}],"predecessor-version":[{"id":399,"href":"https:\/\/sonsdurhone.fr\/index.php\/wp-json\/wp\/v2\/pages\/45\/revisions\/399"}],"wp:attachment":[{"href":"https:\/\/sonsdurhone.fr\/index.php\/wp-json\/wp\/v2\/media?parent=45"}],"curies":[{"name":"wp","href":"https:\/\/api.w.org\/{rel}","templated":true}]}}