{"id":44,"date":"2024-04-11T15:54:32","date_gmt":"2024-04-11T13:54:32","guid":{"rendered":"https:\/\/sonsdurhone.fr\/?page_id=44"},"modified":"2024-07-08T14:12:17","modified_gmt":"2024-07-08T12:12:17","slug":"le-projet","status":"publish","type":"page","link":"https:\/\/sonsdurhone.fr\/index.php\/le-projet\/","title":{"rendered":"Le projet"},"content":{"rendered":"\t\t<div data-elementor-type=\"wp-page\" data-elementor-id=\"44\" class=\"elementor elementor-44\">\n\t\t\t\t<div class=\"elementor-element elementor-element-d19ff8c e-flex e-con-boxed e-con e-parent\" data-id=\"d19ff8c\" data-element_type=\"container\" data-e-type=\"container\">\n\t\t\t\t\t<div class=\"e-con-inner\">\n\t\t\t\t<div class=\"elementor-element elementor-element-5614797 elementor-widget elementor-widget-text-editor\" data-id=\"5614797\" data-element_type=\"widget\" data-e-type=\"widget\" data-widget_type=\"text-editor.default\">\n\t\t\t\t<div class=\"elementor-widget-container\">\n\t\t\t\t\t\t\t\t\t<h1>Le projet<\/h1>\t\t\t\t\t\t\t\t<\/div>\n\t\t\t\t<\/div>\n\t\t\t\t\t<\/div>\n\t\t\t\t<\/div>\n\t\t<div class=\"elementor-element elementor-element-7b5440e e-flex e-con-boxed e-con e-parent\" data-id=\"7b5440e\" data-element_type=\"container\" data-e-type=\"container\">\n\t\t\t\t\t<div class=\"e-con-inner\">\n\t\t\t\t<div class=\"elementor-element elementor-element-77fd294 elementor-widget elementor-widget-heading\" data-id=\"77fd294\" data-element_type=\"widget\" data-e-type=\"widget\" data-widget_type=\"heading.default\">\n\t\t\t\t<div class=\"elementor-widget-container\">\n\t\t\t\t\t<h2 class=\"elementor-heading-title elementor-size-default\">Sensibiliser aux enjeux du Rh\u00f4ne<\/h2>\t\t\t\t<\/div>\n\t\t\t\t<\/div>\n\t\t\t\t\t<\/div>\n\t\t\t\t<\/div>\n\t\t<div class=\"elementor-element elementor-element-0295c8b e-flex e-con-boxed e-con e-parent\" data-id=\"0295c8b\" data-element_type=\"container\" data-e-type=\"container\">\n\t\t\t\t\t<div class=\"e-con-inner\">\n\t\t<div class=\"elementor-element elementor-element-0ea45b1 e-con-full e-flex e-con e-child\" data-id=\"0ea45b1\" data-element_type=\"container\" data-e-type=\"container\">\n\t\t\t\t<div class=\"elementor-element elementor-element-246cd72 elementor-widget elementor-widget-image\" data-id=\"246cd72\" data-element_type=\"widget\" data-e-type=\"widget\" data-widget_type=\"image.default\">\n\t\t\t\t<div class=\"elementor-widget-container\">\n\t\t\t\t\t\t\t\t\t\t\t\t\t\t\t<img fetchpriority=\"high\" decoding=\"async\" width=\"800\" height=\"536\" src=\"https:\/\/sonsdurhone.fr\/wp-content\/uploads\/2024\/05\/environnement00013-1024x686.jpg\" class=\"attachment-large size-large wp-image-276\" alt=\"\" srcset=\"https:\/\/sonsdurhone.fr\/wp-content\/uploads\/2024\/05\/environnement00013-1024x686.jpg 1024w, https:\/\/sonsdurhone.fr\/wp-content\/uploads\/2024\/05\/environnement00013-300x201.jpg 300w, https:\/\/sonsdurhone.fr\/wp-content\/uploads\/2024\/05\/environnement00013-768x515.jpg 768w, https:\/\/sonsdurhone.fr\/wp-content\/uploads\/2024\/05\/environnement00013-1536x1029.jpg 1536w, https:\/\/sonsdurhone.fr\/wp-content\/uploads\/2024\/05\/environnement00013.jpg 1600w\" sizes=\"(max-width: 800px) 100vw, 800px\" \/>\t\t\t\t\t\t\t\t\t\t\t\t\t\t\t<\/div>\n\t\t\t\t<\/div>\n\t\t\t\t<\/div>\n\t\t<div class=\"elementor-element elementor-element-2eca82c e-con-full e-flex e-con e-child\" data-id=\"2eca82c\" data-element_type=\"container\" data-e-type=\"container\">\n\t\t\t\t<div class=\"elementor-element elementor-element-39be49a elementor-widget elementor-widget-text-editor\" data-id=\"39be49a\" data-element_type=\"widget\" data-e-type=\"widget\" data-widget_type=\"text-editor.default\">\n\t\t\t\t<div class=\"elementor-widget-container\">\n\t\t\t\t\t\t\t\t\t<p>En partenariat avec la <strong>CNR<\/strong> (Compagnie National du Rh\u00f4ne) et le programme de d\u00e9veloppement durable <strong>Plan Rh\u00f4ne<\/strong>, <strong>Radio M\u00e9ga<\/strong> s&#8217;associe \u00e0 trois \u00e9coles afin de cr\u00e9er un projet ambitieux de sensibilisation \u00e0 la gestion de l&#8217;eau et de son \u00e9nergie. Soutenu par la <strong>DRAC<\/strong> <em>(Direction R\u00e9gional des Affaires Culturelles)<\/em> <strong>Auvergne Rh\u00f4ne Alpes,<\/strong> Les Sons du Rh\u00f4ne invitent les \u00e9l\u00e8ves de CM1\/ CM2 \u00a0\u00e0 animer des \u00e9changes avec les acteurs de l&#8217;eau et comprendre ses enjeux : production d&#8217;\u00e9nergie, d\u00e9fense de la biodiversit\u00e9, protection du vivant mais aussi gestion des usagers et de leur territoire. Un sujet complexe rendu concret et mat\u00e9riel par la mise en oeuvre d&#8217;un projet d&#8217;\u00e9ducation au m\u00e9dia <strong>avec pour acteurs principaux des apprentis journalistes !\u00a0<\/strong><\/p>\t\t\t\t\t\t\t\t<\/div>\n\t\t\t\t<\/div>\n\t\t\t\t<\/div>\n\t\t\t\t\t<\/div>\n\t\t\t\t<\/div>\n\t\t<div class=\"elementor-element elementor-element-30bfc50 e-flex e-con-boxed e-con e-parent\" data-id=\"30bfc50\" data-element_type=\"container\" data-e-type=\"container\">\n\t\t\t\t\t<div class=\"e-con-inner\">\n\t\t\t\t<div class=\"elementor-element elementor-element-c945913 elementor-widget-divider--view-line elementor-widget elementor-widget-divider\" data-id=\"c945913\" data-element_type=\"widget\" data-e-type=\"widget\" data-widget_type=\"divider.default\">\n\t\t\t\t<div class=\"elementor-widget-container\">\n\t\t\t\t\t\t\t<div class=\"elementor-divider\">\n\t\t\t<span class=\"elementor-divider-separator\">\n\t\t\t\t\t\t<\/span>\n\t\t<\/div>\n\t\t\t\t\t\t<\/div>\n\t\t\t\t<\/div>\n\t\t\t\t\t<\/div>\n\t\t\t\t<\/div>\n\t\t<div class=\"elementor-element elementor-element-04e28cb e-flex e-con-boxed e-con e-parent\" data-id=\"04e28cb\" data-element_type=\"container\" data-e-type=\"container\">\n\t\t\t\t\t<div class=\"e-con-inner\">\n\t\t\t\t<div class=\"elementor-element elementor-element-5951084 elementor-widget elementor-widget-text-editor\" data-id=\"5951084\" data-element_type=\"widget\" data-e-type=\"widget\" data-widget_type=\"text-editor.default\">\n\t\t\t\t<div class=\"elementor-widget-container\">\n\t\t\t\t\t\t\t\t\t<h3><em>V\u00e9los, micros, appareils photo, stylos<\/em> : les \u00e9l\u00e8ves deviennent journalistes et partent \u00e0 la rencontre du Rh\u00f4ne afin de d\u00e9couvrir et documenter sa place sur notre territoire.\u00a0<\/h3>\t\t\t\t\t\t\t\t<\/div>\n\t\t\t\t<\/div>\n\t\t\t\t\t<\/div>\n\t\t\t\t<\/div>\n\t\t<div class=\"elementor-element elementor-element-f2928a6 e-flex e-con-boxed e-con e-parent\" data-id=\"f2928a6\" data-element_type=\"container\" data-e-type=\"container\">\n\t\t\t\t\t<div class=\"e-con-inner\">\n\t\t\t\t<div class=\"elementor-element elementor-element-4e080ae elementor-widget-divider--view-line elementor-widget elementor-widget-divider\" data-id=\"4e080ae\" data-element_type=\"widget\" data-e-type=\"widget\" data-widget_type=\"divider.default\">\n\t\t\t\t<div class=\"elementor-widget-container\">\n\t\t\t\t\t\t\t<div class=\"elementor-divider\">\n\t\t\t<span class=\"elementor-divider-separator\">\n\t\t\t\t\t\t<\/span>\n\t\t<\/div>\n\t\t\t\t\t\t<\/div>\n\t\t\t\t<\/div>\n\t\t\t\t\t<\/div>\n\t\t\t\t<\/div>\n\t\t<div class=\"elementor-element elementor-element-6ff1110 e-flex e-con-boxed e-con e-parent\" data-id=\"6ff1110\" data-element_type=\"container\" data-e-type=\"container\">\n\t\t\t\t\t<div class=\"e-con-inner\">\n\t\t\t\t<div class=\"elementor-element elementor-element-7fc797c elementor-widget elementor-widget-text-editor\" data-id=\"7fc797c\" data-element_type=\"widget\" data-e-type=\"widget\" data-widget_type=\"text-editor.default\">\n\t\t\t\t<div class=\"elementor-widget-container\">\n\t\t\t\t\t\t\t\t\t<h1>Le programme<\/h1>\t\t\t\t\t\t\t\t<\/div>\n\t\t\t\t<\/div>\n\t\t\t\t\t<\/div>\n\t\t\t\t<\/div>\n\t\t<div class=\"elementor-element elementor-element-bfd1544 e-flex e-con-boxed e-con e-parent\" data-id=\"bfd1544\" data-element_type=\"container\" data-e-type=\"container\">\n\t\t\t\t\t<div class=\"e-con-inner\">\n\t\t\t\t<div class=\"elementor-element elementor-element-30b80df elementor-widget elementor-widget-heading\" data-id=\"30b80df\" data-element_type=\"widget\" data-e-type=\"widget\" data-widget_type=\"heading.default\">\n\t\t\t\t<div class=\"elementor-widget-container\">\n\t\t\t\t\t<h2 class=\"elementor-heading-title elementor-size-default\">L'\u00e9ducation aux m\u00e9dias est un sport de terrain.<\/h2>\t\t\t\t<\/div>\n\t\t\t\t<\/div>\n\t\t\t\t\t<\/div>\n\t\t\t\t<\/div>\n\t\t<div class=\"elementor-element elementor-element-40dee76 e-flex e-con-boxed e-con e-parent\" data-id=\"40dee76\" data-element_type=\"container\" data-e-type=\"container\">\n\t\t\t\t\t<div class=\"e-con-inner\">\n\t\t<div class=\"elementor-element elementor-element-b0c4fe2 e-con-full e-flex e-con e-child\" data-id=\"b0c4fe2\" data-element_type=\"container\" data-e-type=\"container\">\n\t\t<div class=\"elementor-element elementor-element-0f9e034 e-flex e-con-boxed e-con e-child\" data-id=\"0f9e034\" data-element_type=\"container\" data-e-type=\"container\">\n\t\t\t\t\t<div class=\"e-con-inner\">\n\t\t\t\t<div class=\"elementor-element elementor-element-5d33964 elementor-widget elementor-widget-text-editor\" data-id=\"5d33964\" data-element_type=\"widget\" data-e-type=\"widget\" data-widget_type=\"text-editor.default\">\n\t\t\t\t<div class=\"elementor-widget-container\">\n\t\t\t\t\t\t\t\t\t<p>Depuis 10 ans Radio M\u00e9ga s&#8217;est sp\u00e9cialis\u00e9 dans l&#8217;\u00e9ducation aux m\u00e9dias par le biais de projets forts et innovants pour<strong> susciter la fibre journalistique<\/strong>, <strong>renouer confiance avec la fabrique de l&#8217;information<\/strong> et <strong>mettre en avant les initiatives locales de son territoire<\/strong> en tant que m\u00e9dia local.<\/p>\t\t\t\t\t\t\t\t<\/div>\n\t\t\t\t<\/div>\n\t\t\t\t<div class=\"elementor-element elementor-element-9e07115 elementor-widget-divider--view-line elementor-widget elementor-widget-divider\" data-id=\"9e07115\" data-element_type=\"widget\" data-e-type=\"widget\" data-widget_type=\"divider.default\">\n\t\t\t\t<div class=\"elementor-widget-container\">\n\t\t\t\t\t\t\t<div class=\"elementor-divider\">\n\t\t\t<span class=\"elementor-divider-separator\">\n\t\t\t\t\t\t<\/span>\n\t\t<\/div>\n\t\t\t\t\t\t<\/div>\n\t\t\t\t<\/div>\n\t\t\t\t<div class=\"elementor-element elementor-element-a533900 elementor-widget elementor-widget-text-editor\" data-id=\"a533900\" data-element_type=\"widget\" data-e-type=\"widget\" data-widget_type=\"text-editor.default\">\n\t\t\t\t<div class=\"elementor-widget-container\">\n\t\t\t\t\t\t\t\t\t<p><strong>En associant road trip \u00e0 v\u00e9lo et radio itin\u00e9rante, les Sons du Rh\u00f4ne mettent l&#8217;information au coeur de l&#8217;action. Les \u00e9l\u00e8ves pr\u00e9parent leur voyage en m\u00eame temps qu&#8217;ils cr\u00e9ent un comit\u00e9 de r\u00e9daction.<\/strong><\/p>\t\t\t\t\t\t\t\t<\/div>\n\t\t\t\t<\/div>\n\t\t\t\t<div class=\"elementor-element elementor-element-7e87363 elementor-widget-divider--view-line elementor-widget elementor-widget-divider\" data-id=\"7e87363\" data-element_type=\"widget\" data-e-type=\"widget\" data-widget_type=\"divider.default\">\n\t\t\t\t<div class=\"elementor-widget-container\">\n\t\t\t\t\t\t\t<div class=\"elementor-divider\">\n\t\t\t<span class=\"elementor-divider-separator\">\n\t\t\t\t\t\t<\/span>\n\t\t<\/div>\n\t\t\t\t\t\t<\/div>\n\t\t\t\t<\/div>\n\t\t\t\t\t<\/div>\n\t\t\t\t<\/div>\n\t\t<div class=\"elementor-element elementor-element-1d41994 e-flex e-con-boxed e-con e-child\" data-id=\"1d41994\" data-element_type=\"container\" data-e-type=\"container\">\n\t\t\t\t\t<div class=\"e-con-inner\">\n\t\t\t\t<div class=\"elementor-element elementor-element-daa962f elementor-widget elementor-widget-text-editor\" data-id=\"daa962f\" data-element_type=\"widget\" data-e-type=\"widget\" data-widget_type=\"text-editor.default\">\n\t\t\t\t<div class=\"elementor-widget-container\">\n\t\t\t\t\t\t\t\t\t<p>En amont de leur \u00e9mission, les classes ont travaill\u00e9 avec les \u00e9quipes de Radio M\u00e9ga et les \u00e9quipes \u00e9ducatives <strong>\u00e0 la cr\u00e9ation d&#8217;un carnet de bord plurim\u00e9dia<\/strong>. Initiation \u00e0 la photographie, atelier d&#8217;\u00e9criture d&#8217;article de presse mais aussi bapt\u00eame radiophonique (chroniques, animation, interviews). D&#8217;une premi\u00e8re rencontre en classe jusqu&#8217;au d\u00e9part sur les v\u00e9los <strong>les \u00e9l\u00e8ves se sont entrain\u00e9s r\u00e9guli\u00e8rement pour r\u00e9aliser leur premier m\u00e9dia<\/strong> !\u00a0<\/p>\t\t\t\t\t\t\t\t<\/div>\n\t\t\t\t<\/div>\n\t\t\t\t\t<\/div>\n\t\t\t\t<\/div>\n\t\t\t\t<\/div>\n\t\t<div class=\"elementor-element elementor-element-d5eb8ea e-con-full e-flex e-con e-child\" data-id=\"d5eb8ea\" data-element_type=\"container\" data-e-type=\"container\">\n\t\t\t\t<div class=\"elementor-element elementor-element-67188ce elementor-widget elementor-widget-image\" data-id=\"67188ce\" data-element_type=\"widget\" data-e-type=\"widget\" data-widget_type=\"image.default\">\n\t\t\t\t<div class=\"elementor-widget-container\">\n\t\t\t\t\t\t\t\t\t\t\t\t\t\t\t<img decoding=\"async\" width=\"800\" height=\"600\" src=\"https:\/\/sonsdurhone.fr\/wp-content\/uploads\/2024\/05\/IMG_0197-1024x768.jpeg\" class=\"attachment-large size-large wp-image-279\" alt=\"\" srcset=\"https:\/\/sonsdurhone.fr\/wp-content\/uploads\/2024\/05\/IMG_0197-1024x768.jpeg 1024w, https:\/\/sonsdurhone.fr\/wp-content\/uploads\/2024\/05\/IMG_0197-300x225.jpeg 300w, https:\/\/sonsdurhone.fr\/wp-content\/uploads\/2024\/05\/IMG_0197-768x576.jpeg 768w, https:\/\/sonsdurhone.fr\/wp-content\/uploads\/2024\/05\/IMG_0197-1536x1152.jpeg 1536w, https:\/\/sonsdurhone.fr\/wp-content\/uploads\/2024\/05\/IMG_0197-2048x1536.jpeg 2048w\" sizes=\"(max-width: 800px) 100vw, 800px\" \/>\t\t\t\t\t\t\t\t\t\t\t\t\t\t\t<\/div>\n\t\t\t\t<\/div>\n\t\t\t\t<\/div>\n\t\t\t\t\t<\/div>\n\t\t\t\t<\/div>\n\t\t<div class=\"elementor-element elementor-element-c3183c4 e-flex e-con-boxed e-con e-parent\" data-id=\"c3183c4\" data-element_type=\"container\" data-e-type=\"container\">\n\t\t\t\t\t<div class=\"e-con-inner\">\n\t\t<div class=\"elementor-element elementor-element-4747c62 e-con-full e-flex e-con e-child\" data-id=\"4747c62\" data-element_type=\"container\" data-e-type=\"container\">\n\t\t\t\t<div class=\"elementor-element elementor-element-de1fc81 elementor-widget elementor-widget-text-editor\" data-id=\"de1fc81\" data-element_type=\"widget\" data-e-type=\"widget\" data-widget_type=\"text-editor.default\">\n\t\t\t\t<div class=\"elementor-widget-container\">\n\t\t\t\t\t\t\t\t\t<h2>3 \u00e9mission radios<br \/>3 articles de presses<br \/>3 reportages photos<\/h2>\t\t\t\t\t\t\t\t<\/div>\n\t\t\t\t<\/div>\n\t\t\t\t<\/div>\n\t\t<div class=\"elementor-element elementor-element-af27acc e-con-full e-flex e-con e-child\" data-id=\"af27acc\" data-element_type=\"container\" data-e-type=\"container\">\n\t\t\t\t<div class=\"elementor-element elementor-element-b57fc3a elementor-widget elementor-widget-text-editor\" data-id=\"b57fc3a\" data-element_type=\"widget\" data-e-type=\"widget\" data-widget_type=\"text-editor.default\">\n\t\t\t\t<div class=\"elementor-widget-container\">\n\t\t\t\t\t\t\t\t\t<h2>60 apprentis journalistes<br \/>9 invit\u00e9s<br \/>10 professionels encadrants\u00a0<\/h2>\t\t\t\t\t\t\t\t<\/div>\n\t\t\t\t<\/div>\n\t\t\t\t<\/div>\n\t\t\t\t\t<\/div>\n\t\t\t\t<\/div>\n\t\t\t\t<\/div>\n\t\t","protected":false},"excerpt":{"rendered":"<p>Le projet Sensibiliser aux enjeux du Rh\u00f4ne En partenariat avec la CNR (Compagnie National du Rh\u00f4ne) et le programme de d\u00e9veloppement durable Plan Rh\u00f4ne, Radio M\u00e9ga s&#8217;associe \u00e0 trois \u00e9coles afin de cr\u00e9er un projet ambitieux de sensibilisation \u00e0 la gestion de l&#8217;eau et de son \u00e9nergie. Soutenu par la DRAC (Direction R\u00e9gional des Affaires [&hellip;]<\/p>\n","protected":false},"author":1,"featured_media":0,"parent":0,"menu_order":0,"comment_status":"closed","ping_status":"closed","template":"elementor_header_footer","meta":{"footnotes":""},"class_list":["post-44","page","type-page","status-publish","hentry"],"_links":{"self":[{"href":"https:\/\/sonsdurhone.fr\/index.php\/wp-json\/wp\/v2\/pages\/44","targetHints":{"allow":["GET"]}}],"collection":[{"href":"https:\/\/sonsdurhone.fr\/index.php\/wp-json\/wp\/v2\/pages"}],"about":[{"href":"https:\/\/sonsdurhone.fr\/index.php\/wp-json\/wp\/v2\/types\/page"}],"author":[{"embeddable":true,"href":"https:\/\/sonsdurhone.fr\/index.php\/wp-json\/wp\/v2\/users\/1"}],"replies":[{"embeddable":true,"href":"https:\/\/sonsdurhone.fr\/index.php\/wp-json\/wp\/v2\/comments?post=44"}],"version-history":[{"count":40,"href":"https:\/\/sonsdurhone.fr\/index.php\/wp-json\/wp\/v2\/pages\/44\/revisions"}],"predecessor-version":[{"id":673,"href":"https:\/\/sonsdurhone.fr\/index.php\/wp-json\/wp\/v2\/pages\/44\/revisions\/673"}],"wp:attachment":[{"href":"https:\/\/sonsdurhone.fr\/index.php\/wp-json\/wp\/v2\/media?parent=44"}],"curies":[{"name":"wp","href":"https:\/\/api.w.org\/{rel}","templated":true}]}}